{"id":9888,"date":"2020-06-20T15:28:04","date_gmt":"2020-06-20T12:28:04","guid":{"rendered":"http:\/\/ulme.ee\/veeb\/?page_id=9888"},"modified":"2020-07-14T14:12:40","modified_gmt":"2020-07-14T11:12:40","slug":"kava-2020","status":"publish","type":"page","link":"http:\/\/ulme.ee\/veeb\/?page_id=9888&lang=et","title":{"rendered":"Kava 2020"},"content":{"rendered":"\n<p><strong>Reede, 17. juuli<\/strong><br>16:00 &nbsp;&nbsp; Saabumine, registreerumine, majutamine, asjade paigutamine.<br>17.00 &nbsp;&nbsp; <strong>Lipu heiskamine. Estconi ametlik algus<\/strong>. J\u00e4llen\u00e4gemisr\u00f5\u00f5m ja vaba suhtlus.<br>18.00 &nbsp;&nbsp;<strong> Siim Veskimees.  <\/strong>Fermi paradoks ja Lucifer puhkusel LA-s &#8211; v\u00f5imalikud vastused, miks meile n\u00e4ib, et oleme \u00fcksi <br>20:00&nbsp; &nbsp; <strong>Star Trek. Riivo M\u00e4gi<\/strong> <br>22.30 &nbsp;&nbsp; <strong>Ulmedisko. Zombid<\/strong>.<strong> Veiko Belials <\/strong><br>Tegemist n\u00fc\u00fcdseks juba traditsiooniliseks muutunud hilis\u00f5htuse ettekandega, mis l\u00f5petab avap\u00e4eva ja kus vaatluse all on muusika ja ulme seosed. Alguse sai traditsioon 2013. aastal. Eelistan lugude valikus (s\u00f5ltumata k\u00e4sitletavast teemast) alati kas terviklikku teostust (lugu, mida videos jutustatakse), head visuaali v\u00f5i ootamatut-harjumatut vaatenurka. Igal kord v\u00f5ib valikus leida midagi, mis on naljakas, jabur v\u00f5i kurioosne. Seekord on jaburad ja l\u00f5busad klipid garanteeritud.<\/p>\n\n\n\n<p><strong>Laup\u00e4ev, 18. juuli <\/strong><br>10:00 \u00a0\u00a0 hommikus\u00f6\u00f6k <br>11:30 \u00a0\u00a0 <strong>Romaaniv\u00f5istluse eel ja j\u00e4rel. <\/strong>Eelmise aasta romaaniv\u00f5istlusest teeb kokkuv\u00f5tteid ja jagab n\u00e4pun\u00e4iteid j\u00e4rgmiseks v\u00f5istluseks Kirjanike Liidu ja romaaniv\u00f5istluse \u017e\u00fcrii liige <strong>Mairi Laurik<\/strong>. Letti v\u00f5etakse ka romaaniv\u00f5istlusel 2. koha saanud <strong>Joel Jans<\/strong>. <br>13:00 \u00a0\u00a0 <strong>Vananemine Star Treki universumis.<\/strong> <strong>Sylvia\u00a0Spruck\u00a0Wrigley <\/strong><br>14:00 \u00a0\u00a0 l\u00f5unas\u00f6\u00f6k <br>15:30 \u00a0\u00a0 <strong>Stalker 201<\/strong>9. Kuulutatakse v\u00e4lja tulemused ning kohalolevaid v\u00f5itjaid ka \u00f5nnitletakse pidulikult.<br><strong>\u00dchispilt.<\/strong> Kohalolijad seatakse aparaadi ette ja tehakse \u00fchispilt.<br> <strong>Kirjastuste plaanid: <\/strong>mida on kavas avaldada.<br>17.00<strong> \u00a0\u00a0 M\u00e4lum\u00e4ng.<\/strong> M\u00e4lum\u00e4ngur <strong>Taivo Rist<\/strong> esitab k\u00fcsimusi ja otsustab vastuste \u00f5igsuse \u00fcle.<br>\u00dcks pikema traditsiooniga s\u00fcndmusi Estconil, mida k\u00f5ik ootavad. Klassikaline m\u00e4lum\u00e4ng, kus ajud s\u00f5lme v\u00e4\u00e4natakse. <br><strong>Paralleelselt<\/strong> saab viimase Kirjanike Liidu romaaniv\u00f5istluse \u017e\u00fcrii liikme <strong>Mairi Lauriku<\/strong> eestvedamisel <strong>jutukirjutamise t\u00f6\u00f6toas<\/strong> oma oskusi lihvida.<br>19:30<strong> \u00a0\u00a0 Eelarvamused ja ebausk kosmoses. Joel Jans<\/strong><br>21.00 \u00a0\u00a0 <strong>Lauam\u00e4ngud jms<\/strong><\/p>\n\n\n\n<p><strong>P\u00fchap\u00e4ev, 19. juuli <\/strong><br>10:00 &nbsp;&nbsp; hommikus\u00f6\u00f6k <br>11:30 <strong>&nbsp;&nbsp; K\u00fclalise tund.<\/strong> Maailma l\u00f5pus on kohvik, kus kunagi kohtume k\u00f5ik. <strong>T\u00f5nu Trubetsky <\/strong><br>13.00&nbsp;&nbsp;&nbsp; <strong>K\u00fclalise tund. Miikael Jekimov. Ulme\u00fchingu jutuv\u00f5istluse v\u00f5itajaga vestleb Joel Jans.<\/strong><br>14:30 &nbsp;&nbsp; <strong>Lipu langetamine. Estconi ametlik l\u00f5petamine.<\/strong><\/p>\n","protected":false},"excerpt":{"rendered":"<p>Reede, 17. juuli16:00 &nbsp;&nbsp; Saabumine, registreerumine, majutamine, asjade paigutamine.17.00 &nbsp;&nbsp; Lipu heiskamine. Estconi ametlik algus. J\u00e4llen\u00e4gemisr\u00f5\u00f5m ja vaba suhtlus.18.00 &nbsp;&nbsp; Siim Veskimees. Fermi paradoks ja Lucifer puhkusel LA-s &#8211; v\u00f5imalikud vastused, miks meile n\u00e4ib, et oleme \u00fcksi 20:00&nbsp; &nbsp; Star &hellip; <a href=\"http:\/\/ulme.ee\/veeb\/?page_id=9888&#038;lang=et\">J\u00e4tka lugemist <span class=\"meta-nav\">&rarr;<\/span><\/a><\/p>\n","protected":false},"author":2,"featured_media":0,"parent":0,"menu_order":0,"comment_status":"closed","ping_status":"closed","template":"","meta":{"footnotes":""},"_links":{"self":[{"href":"http:\/\/ulme.ee\/veeb\/index.php?rest_route=\/wp\/v2\/pages\/9888"}],"collection":[{"href":"http:\/\/ulme.ee\/veeb\/index.php?rest_route=\/wp\/v2\/pages"}],"about":[{"href":"http:\/\/ulme.ee\/veeb\/index.php?rest_route=\/wp\/v2\/types\/page"}],"author":[{"embeddable":true,"href":"http:\/\/ulme.ee\/veeb\/index.php?rest_route=\/wp\/v2\/users\/2"}],"replies":[{"embeddable":true,"href":"http:\/\/ulme.ee\/veeb\/index.php?rest_route=%2Fwp%2Fv2%2Fcomments&post=9888"}],"version-history":[{"count":3,"href":"http:\/\/ulme.ee\/veeb\/index.php?rest_route=\/wp\/v2\/pages\/9888\/revisions"}],"predecessor-version":[{"id":9931,"href":"http:\/\/ulme.ee\/veeb\/index.php?rest_route=\/wp\/v2\/pages\/9888\/revisions\/9931"}],"wp:attachment":[{"href":"http:\/\/ulme.ee\/veeb\/index.php?rest_route=%2Fwp%2Fv2%2Fmedia&parent=9888"}],"curies":[{"name":"wp","href":"https:\/\/api.w.org\/{rel}","templated":true}]}}