{"id":7685,"date":"2016-08-08T16:51:36","date_gmt":"2016-08-08T13:51:36","guid":{"rendered":"http:\/\/esuaxue.havike.eenet.ee\/veeb\/?page_id=7685"},"modified":"2016-08-19T22:37:55","modified_gmt":"2016-08-19T19:37:55","slug":"estcon-2011-kava","status":"publish","type":"page","link":"http:\/\/ulme.ee\/veeb\/?page_id=7685&lang=et","title":{"rendered":"Estcon 2011 kava"},"content":{"rendered":"<div class=\"attribute-short\">\n<p>Estconil 2011 p\u00f5hilised \u00fcritused on toodud ajakavas. Ajakava on esialgu orienteeruv ning l\u00fcnlik. Kavas toodule lisaks toimub taustal raamatu- ja filmilaat, laua- ja kaardim\u00e4ngude m\u00e4ngimine, on v\u00f5imalik suhelda eesti autoritega, jne.<\/p>\n<\/div>\n<div class=\"attribute-long\">\n<p><b>Reede, 22. juuli<\/b><br \/>\n18:00 Estcon 2011 algus. Saabumine, registreerumine, asjade paigutamine, tutvumine, vaba suhtlus.<br \/>\n19:00 <b>Finncon 2011 &amp; Eurocon 2011<\/b>: \u00fclevaade<br \/>\n20:00 <b>Ordurahvas<\/b>. Keskmaa Ordu l\u00e4bi aegade<br \/>\n22.00. <a href=\"http:\/\/esuaxue.havike.eenet.ee\/veeb\/?page_id=7693&amp;lang=et\"><b>Filmiprogramm<\/b><\/a> Tutvustame filme, millest sa ehk kuulnud pole, aga peaksid kindlasti teadma.<\/p>\n<p><b>Laup\u00e4ev, 23. juuli <\/b><br \/>\n10:00 hommikus\u00f6\u00f6k<br \/>\n11:00 <b>J\u00fcri Kallas.<\/b> Eesti keeles ilmunud v\u00e4ikerahvase ulme<b> <\/b><br \/>\n12:00 <b>Tiina Sulg. <\/b>Eesti keeles ilmunud noortele suunatud ulmekirjandus<br \/>\n13:00 <b>Meelis Friedenthal.<\/b> Apokal\u00fcpsis ja maailmal\u00f5pp<br \/>\n14:00 l\u00f5unas\u00f6\u00f6k<br \/>\n15:00 <b>Silver S\u00e4ra <\/b>Eesti algup\u00e4rane ulme 2010<br \/>\n16:00 <b>Stalker 2011<\/b> Kuulutatakse v\u00e4lja tulemused ning kohalolevaid v\u00f5itjaid ka \u00f5nnitletakse pidulikult.<br \/>\n16:30 <b>\u00fchispilt<\/b> Kohalolijad seatakse aparaadi ette ja tehakse \u00fchispilt.<br \/>\n17:00 <b>Kirjastuste plaanid: <\/b>mida on kavas avaldada<br \/>\n17:30 <b>m\u00e4lum\u00e4ng<\/b> Taivo Rist esitab k\u00fcsimusi ja otsustab vastuste \u00f5igsuse \u00fcle.<br \/>\n20:00 <b>Ove Hillep, Andreas J\u00f5esaar<\/b> Uus ja vana ulmeline lauam\u00e4ng<br \/>\n21:00 <b>filmiprogramm<\/b><br \/>\n21:00 <b>lauam\u00e4ngude m\u00e4ngimine<\/b><br \/>\n00:00 <b>s\u00fcda\u00f6ine l\u00f5\u00f5ritamine<\/b> Sirje eestvedamisel. Kaasav\u00f5etud laulus\u00f5nad on abiks.<\/p>\n<p>&nbsp;<\/p>\n<p><b>P\u00fchap\u00e4ev, 24. juuli <\/b><br \/>\n10:00 hommikus\u00f6\u00f6k<br \/>\n11:00 <b>Vaba mikrofon: <\/b>Ulme\u00fching, Estcon, plaanid, soovid, muljed<br \/>\n11:30A <b>Filmihullud:<\/b> parimad ja halvimad filmielamused<br \/>\n11:30B <b>Ahrvid Engholm (Rootsi). <\/b>Short story writing<br \/>\n12:30B <b>Tartu Ulmekirjutajad<\/b>. L\u00fchijutu kirjutamise t\u00f6\u00f6tuba.<br \/>\n<b> <\/b>15:00 <b>Vaba mikrofon<\/b>: l\u00f5pus\u00f5nad<\/p>\n<p><b>Rollim\u00e4ng<\/b>. Ove Hillep korraldab \u00fche D&amp;D rollim\u00e4ngu. Huvilistel tuleks temaga \u00fchendust v\u00f5tta, et mitte ilma j\u00e4\u00e4da.<\/p>\n<p><b>Lauam\u00e4ngud<\/b>. Ove Hillep ja Andreas J\u00f5esaar v\u00f5tavad kaasa lauam\u00e4nge, mille m\u00e4ngimises v\u00f5ivad ka juhendada. V\u00f5id ka ise kaasa v\u00f5tta oma lemmikm\u00e4ngu. Lauam\u00e4ngud toimuvad peamiselt \u00f5htuti, aga huviliste olemasolul ka ettekannetega samal ajal.<\/p>\n<p><b>LARP <\/b>toimub seekord Keskmaal, laup\u00e4eva hommikupoolikul (ca 10-14). Osalemiseks on vajalik ette registreerimine, et m\u00e4ng paremini sujuks. M\u00e4ngu juhib Maniakkide T\u00e4nav.<\/p>\n<p><b>Kirjanikud<\/b>. Estconil osalejatel on suurep\u00e4rane v\u00f5imalus kohtuda eesti ulmekirjanikega: Veiko Belials, Meelis Friedenthal, Indrek Hargla, Leo Kunnas, Siim Veskimees, Maniakkide T\u00e4nav ja teised.<\/p>\n<\/div>\n","protected":false},"excerpt":{"rendered":"<p>Estconil 2011 p\u00f5hilised \u00fcritused on toodud ajakavas. Ajakava on esialgu orienteeruv ning l\u00fcnlik. Kavas toodule lisaks toimub taustal raamatu- ja filmilaat, laua- ja kaardim\u00e4ngude m\u00e4ngimine, on v\u00f5imalik suhelda eesti autoritega, jne. Reede, 22. juuli 18:00 Estcon 2011 algus. Saabumine, registreerumine, &hellip; <a href=\"http:\/\/ulme.ee\/veeb\/?page_id=7685&#038;lang=et\">J\u00e4tka lugemist <span class=\"meta-nav\">&rarr;<\/span><\/a><\/p>\n","protected":false},"author":1,"featured_media":0,"parent":0,"menu_order":0,"comment_status":"closed","ping_status":"closed","template":"","meta":{"footnotes":""},"_links":{"self":[{"href":"http:\/\/ulme.ee\/veeb\/index.php?rest_route=\/wp\/v2\/pages\/7685"}],"collection":[{"href":"http:\/\/ulme.ee\/veeb\/index.php?rest_route=\/wp\/v2\/pages"}],"about":[{"href":"http:\/\/ulme.ee\/veeb\/index.php?rest_route=\/wp\/v2\/types\/page"}],"author":[{"embeddable":true,"href":"http:\/\/ulme.ee\/veeb\/index.php?rest_route=\/wp\/v2\/users\/1"}],"replies":[{"embeddable":true,"href":"http:\/\/ulme.ee\/veeb\/index.php?rest_route=%2Fwp%2Fv2%2Fcomments&post=7685"}],"version-history":[{"count":3,"href":"http:\/\/ulme.ee\/veeb\/index.php?rest_route=\/wp\/v2\/pages\/7685\/revisions"}],"predecessor-version":[{"id":7854,"href":"http:\/\/ulme.ee\/veeb\/index.php?rest_route=\/wp\/v2\/pages\/7685\/revisions\/7854"}],"wp:attachment":[{"href":"http:\/\/ulme.ee\/veeb\/index.php?rest_route=%2Fwp%2Fv2%2Fmedia&parent=7685"}],"curies":[{"name":"wp","href":"https:\/\/api.w.org\/{rel}","templated":true}]}}